{"id":12972,"date":"2024-10-14T08:55:42","date_gmt":"2024-10-14T06:55:42","guid":{"rendered":"https:\/\/lapalomaevent.rwdesarrollos.es\/about-us\/"},"modified":"2025-07-01T17:06:28","modified_gmt":"2025-07-01T15:06:28","slug":"om-oss","status":"publish","type":"page","link":"https:\/\/www.lapalomaevent.com\/sv\/om-oss\/","title":{"rendered":"OM OSS"},"content":{"rendered":"<p>[et_pb_section fb_built=&#8221;1&#8243; custom_padding_last_edited=&#8221;on|desktop&#8221; _builder_version=&#8221;4.24.2&#8243; background_color=&#8221;RGBA(255,255,255,0)&#8221; background_image=&#8221;https:\/\/www.lapalomaevent.com\/wp-content\/uploads\/2024\/10\/la-paloma-events_about-us.jpg&#8221; background_blend=&#8221;multiply&#8221; min_height=&#8221;55vh&#8221; custom_padding_tablet=&#8221;50px|0|50px|0&#8243; custom_padding_phone=&#8221;&#8221; transparent_background=&#8221;off&#8221; padding_mobile=&#8221;off&#8221; global_colors_info=&#8221;{}&#8221;][et_pb_row padding_mobile=&#8221;off&#8221; column_padding_mobile=&#8221;on&#8221; module_class=&#8221; et_pb_row_fullwidth encabezado-imagen-fullwidth&#8221; _builder_version=&#8221;4.24.2&#8243; background_size=&#8221;initial&#8221; background_position=&#8221;top_left&#8221; background_repeat=&#8221;repeat&#8221; width=&#8221;90%&#8221; width_tablet=&#8221;80%&#8221; width_phone=&#8221;90%&#8221; width_last_edited=&#8221;on|desktop&#8221; max_width_tablet=&#8221;80%&#8221; max_width_phone=&#8221;&#8221; max_width_last_edited=&#8221;on|desktop&#8221; make_fullwidth=&#8221;on&#8221; global_colors_info=&#8221;{}&#8221;][et_pb_column type=&#8221;4_4&#8243; _builder_version=&#8221;4.16&#8243; custom_padding=&#8221;|||&#8221; global_colors_info=&#8221;{}&#8221; custom_padding__hover=&#8221;|||&#8221;][\/et_pb_column][\/et_pb_row][\/et_pb_section][et_pb_section fb_built=&#8221;1&#8243; custom_padding_last_edited=&#8221;on|desktop&#8221; module_id=&#8221;contact&#8221; _builder_version=&#8221;4.16&#8243; background_color=&#8221;#ffffff&#8221; custom_padding_tablet=&#8221;50px|0|50px|0&#8243; custom_padding_phone=&#8221;&#8221; transparent_background=&#8221;off&#8221; padding_mobile=&#8221;off&#8221; global_colors_info=&#8221;{}&#8221;][et_pb_row column_structure=&#8221;1_2,1_2&#8243; padding_mobile=&#8221;off&#8221; make_equal=&#8221;on&#8221; column_padding_mobile=&#8221;on&#8221; module_class=&#8221;center-vertically&#8221; _builder_version=&#8221;4.24.2&#8243; background_size=&#8221;initial&#8221; background_position=&#8221;top_left&#8221; background_repeat=&#8221;repeat&#8221; global_colors_info=&#8221;{}&#8221;][et_pb_column type=&#8221;1_2&#8243; _builder_version=&#8221;4.24.2&#8243; custom_padding=&#8221;|||&#8221; global_colors_info=&#8221;{}&#8221; custom_padding__hover=&#8221;|||&#8221;][et_pb_text _builder_version=&#8221;4.24.2&#8243; _module_preset=&#8221;default&#8221; text_font=&#8221;|300|||||||&#8221; text_text_color=&#8221;#0a0a0a&#8221; text_font_size=&#8221;20px&#8221; text_line_height=&#8221;1.5em&#8221; header_text_color=&#8221;#0a0a0a&#8221; header_2_text_color=&#8221;#0a0a0a&#8221; header_2_font_size=&#8221;38px&#8221; global_colors_info=&#8221;{}&#8221;]<\/p>\n<h2>The Team<\/h2>\n<p>V\u00e5r internationella personal best\u00e5r av erfarna specialister inom turism med stark bakgrund fr\u00e5n resebyr\u00e5er, hotell, flygbolag, coaching och underh\u00e5llningsbranschen. Vi erbjuder v\u00e5ra tj\u00e4nster p\u00e5 engelska, svenska, norska, spanska och tyska.<\/p>\n<p>V\u00e5rt team ser till att ditt evenemang genomf\u00f6rs p\u00e5 ett professionellt och minnesv\u00e4rt s\u00e4tt, i linje med dina m\u00e5l och \u00f6nskem\u00e5l. Vi f\u00f6ljer dig genom hela processen och hj\u00e4lper dig att h\u00e5lla kostnaderna nere samtidigt som vi erbjuder den b\u00e4sta upplevelsen och servicen.<\/p>\n<p>L\u00e5t oss planera ditt n\u00e4sta m\u00f6te, br\u00f6llop eller evenemang! Som dina eventplanerare str\u00e4var vi alltid efter att skapa of\u00f6rgl\u00f6mliga minnen med wow-upplevelser.<\/p>\n<p>H\u00e5llbarhet och socialt ansvar blir allt viktigare, och vi str\u00e4var efter att fr\u00e4mja milj\u00f6medvetna aktiviteter, samt samarbeta med leverant\u00f6rer som \u00e4r engagerade i h\u00e5llbarhetsarbete.<\/p>\n<p>[\/et_pb_text][\/et_pb_column][et_pb_column type=&#8221;1_2&#8243; _builder_version=&#8221;4.16&#8243; custom_padding=&#8221;|||&#8221; global_colors_info=&#8221;{}&#8221; custom_padding__hover=&#8221;|||&#8221;][et_pb_image src=&#8221;https:\/\/www.lapalomaevent.com\/wp-content\/uploads\/2023\/07\/Team-Plaza-de-la-Reina.jpg&#8221; alt=&#8221;Event planner Mallorca&#8221; title_text=&#8221;Team Plaza de la Reina&#8221; align_tablet=&#8221;center&#8221; align_phone=&#8221;&#8221; align_last_edited=&#8221;on|desktop&#8221; _builder_version=&#8221;4.18.0&#8243; animation_style=&#8221;slide&#8221; animation_direction=&#8221;left&#8221; animation_duration=&#8221;500ms&#8221; animation_intensity_slide=&#8221;10%&#8221; use_border_color=&#8221;off&#8221; border_color=&#8221;#ffffff&#8221; border_style=&#8221;solid&#8221; animation=&#8221;left&#8221; sticky=&#8221;off&#8221; global_colors_info=&#8221;{}&#8221;]<\/p>\n<p>\n&nbsp;<\/p>\n<p>[\/et_pb_image][\/et_pb_column][\/et_pb_row][\/et_pb_section][et_pb_section fb_built=&#8221;1&#8243; custom_padding_last_edited=&#8221;on|desktop&#8221; _builder_version=&#8221;4.24.2&#8243; background_color=&#8221;rgba(242,242,242,0.51)&#8221; min_height=&#8221;1257px&#8221; custom_margin=&#8221;-3px|||||&#8221; custom_padding_tablet=&#8221;50px|0|50px|0&#8243; custom_padding_phone=&#8221;&#8221; custom_css_main_element=&#8221;text-align: center&#8221; transparent_background=&#8221;off&#8221; padding_mobile=&#8221;off&#8221; global_colors_info=&#8221;{}&#8221;][et_pb_row column_structure=&#8221;1_3,1_3,1_3&#8243; padding_mobile=&#8221;off&#8221; column_padding_mobile=&#8221;on&#8221; _builder_version=&#8221;4.24.2&#8243; background_size=&#8221;initial&#8221; background_position=&#8221;top_left&#8221; background_repeat=&#8221;repeat&#8221; global_colors_info=&#8221;{}&#8221;][et_pb_column type=&#8221;1_3&#8243; _builder_version=&#8221;4.16&#8243; custom_padding=&#8221;|||&#8221; global_colors_info=&#8221;{}&#8221; custom_padding__hover=&#8221;|||&#8221;][et_pb_team_member name=&#8221;Camilla Alv\u00e9rus&#8221; position=&#8221;Founder&#8221; image_url=&#8221;https:\/\/www.lapalomaevent.com\/wp-content\/uploads\/2017\/02\/Camilla.gif&#8221; _builder_version=&#8221;4.24.2&#8243; header_font_size=&#8221;20px&#8221; body_font_size=&#8221;17px&#8221; body_line_height=&#8221;1.5em&#8221; position_font_size=&#8221;20px&#8221; position_line_height=&#8221;0.5em&#8221; animation=&#8221;left&#8221; use_border_color=&#8221;off&#8221; global_colors_info=&#8221;{}&#8221;]<\/p>\n<p>The boss<br \/>Dedicated<br \/>Great problem solver<\/p>\n<p>[\/et_pb_team_member][\/et_pb_column][et_pb_column type=&#8221;1_3&#8243; _builder_version=&#8221;4.16&#8243; custom_padding=&#8221;|||&#8221; global_colors_info=&#8221;{}&#8221; custom_padding__hover=&#8221;|||&#8221;][et_pb_team_member name=&#8221;Anne Lie \u00c5kerlund&#8221; position=&#8221;Senior Project Manager&#8221; image_url=&#8221;https:\/\/www.lapalomaevent.com\/wp-content\/uploads\/2017\/02\/AnneLie.gif&#8221; _builder_version=&#8221;4.24.2&#8243; use_border_color=&#8221;off&#8221; global_colors_info=&#8221;{}&#8221;]A living dictionary on Mallorca<br \/>\nBig smile<br \/>\nWarm-hearted[\/et_pb_team_member][\/et_pb_column][et_pb_column type=&#8221;1_3&#8243; _builder_version=&#8221;4.16&#8243; custom_padding=&#8221;|||&#8221; global_colors_info=&#8221;{}&#8221; custom_padding__hover=&#8221;|||&#8221;][et_pb_team_member name=&#8221;Jessica Ivarsson&#8221; position=&#8221;Financial Controller&#8221; image_url=&#8221;https:\/\/www.lapalomaevent.com\/wp-content\/uploads\/2018\/11\/Jessica.gif&#8221; _builder_version=&#8221;4.24.2&#8243; animation=&#8221;left&#8221; use_border_color=&#8221;off&#8221; global_colors_info=&#8221;{}&#8221;]Mountain lover<br \/>\nEye for details<br \/>\nMallorca expert[\/et_pb_team_member][\/et_pb_column][\/et_pb_row][et_pb_row column_structure=&#8221;1_3,1_3,1_3&#8243; _builder_version=&#8221;4.24.2&#8243; _module_preset=&#8221;default&#8221; global_colors_info=&#8221;{}&#8221;][et_pb_column type=&#8221;1_3&#8243; _builder_version=&#8221;4.24.2&#8243; _module_preset=&#8221;default&#8221; global_colors_info=&#8221;{}&#8221;][et_pb_team_member name=&#8221;Mercedes Fern\u00e1ndez&#8221; position=&#8221;Project Manager&#8221; image_url=&#8221;https:\/\/www.lapalomaevent.com\/wp-content\/uploads\/2023\/01\/Mercedes-web.jpg&#8221; position_tablet=&#8221;Project Manager&#8221; position_phone=&#8221;Project Manager&#8221; position_last_edited=&#8221;on|desktop&#8221; _builder_version=&#8221;4.24.2&#8243; animation=&#8221;left&#8221; use_border_color=&#8221;off&#8221; global_colors_info=&#8221;{}&#8221;]Mallorquina<br \/>\nDeco expert<br \/>\nChic[\/et_pb_team_member][\/et_pb_column][et_pb_column type=&#8221;1_3&#8243; _builder_version=&#8221;4.24.2&#8243; _module_preset=&#8221;default&#8221; global_colors_info=&#8221;{}&#8221;][et_pb_team_member name=&#8221;Helle Thorgersen&#8221; position=&#8221;Senior Project Manager&#8221; image_url=&#8221;https:\/\/www.lapalomaevent.com\/wp-content\/uploads\/2020\/10\/Animated-GIF-downsized_large.gif&#8221; _builder_version=&#8221;4.24.2&#8243; animation=&#8221;left&#8221; use_border_color=&#8221;off&#8221; global_colors_info=&#8221;{}&#8221;]History freak<br \/>\nNorwegian<br \/>\nExperienced storyteller[\/et_pb_team_member][\/et_pb_column][et_pb_column type=&#8221;1_3&#8243; _builder_version=&#8221;4.24.2&#8243; _module_preset=&#8221;default&#8221; global_colors_info=&#8221;{}&#8221;][et_pb_team_member name=&#8221;Gabriela Oliver&#8221; position=&#8221;Project &#038; Marketing Manager&#8221; image_url=&#8221;https:\/\/www.lapalomaevent.com\/wp-content\/uploads\/2023\/06\/Gabriela.jpg&#8221; _builder_version=&#8221;4.24.2&#8243; body_line_height=&#8221;1.5em&#8221; animation=&#8221;left&#8221; use_border_color=&#8221;off&#8221; global_colors_info=&#8221;{}&#8221;]Local expert<br \/>\nCreative<br \/>\nSweet[\/et_pb_team_member][\/et_pb_column][\/et_pb_row][et_pb_row column_structure=&#8221;1_3,1_3,1_3&#8243; _builder_version=&#8221;4.24.2&#8243; _module_preset=&#8221;default&#8221; global_colors_info=&#8221;{}&#8221;][et_pb_column type=&#8221;1_3&#8243; _builder_version=&#8221;4.24.2&#8243; _module_preset=&#8221;default&#8221; global_colors_info=&#8221;{}&#8221;][et_pb_team_member name=&#8221;Sara Appelqvist&#8221; position=&#8221;Project &#038; Marketing Manager&#8221; image_url=&#8221;https:\/\/www.lapalomaevent.com\/wp-content\/uploads\/2024\/10\/sara-appelqvist-la-paloma-event.jpg&#8221; _builder_version=&#8221;4.24.2&#8243; animation=&#8221;right&#8221; use_border_color=&#8221;off&#8221; locked=&#8221;off&#8221; global_colors_info=&#8221;{}&#8221;]<\/p>\n<p>Efficient<br \/>Youngest in the team<br \/>Positive<\/p>\n<p>[\/et_pb_team_member][\/et_pb_column][et_pb_column type=&#8221;1_3&#8243; _builder_version=&#8221;4.24.2&#8243; _module_preset=&#8221;default&#8221; global_colors_info=&#8221;{}&#8221;][et_pb_team_member name=&#8221;Svenn Rudow&#8221; position=&#8221;Advisor&#8221; image_url=&#8221;https:\/\/www.lapalomaevent.com\/wp-content\/uploads\/2019\/01\/svenn.gif&#8221; _builder_version=&#8221;4.24.2&#8243; animation=&#8221;right&#8221; use_border_color=&#8221;off&#8221; global_colors_info=&#8221;{}&#8221;]Tr\u00f8nder<br \/>\nGlobetrotter<br \/>\nCruise freak[\/et_pb_team_member][\/et_pb_column][et_pb_column type=&#8221;1_3&#8243; _builder_version=&#8221;4.24.2&#8243; _module_preset=&#8221;default&#8221; global_colors_info=&#8221;{}&#8221;][et_pb_team_member name=&#8221;Therese Edstr\u00f6m&#8221; position=&#8221;Project Manager&#8221; image_url=&#8221;https:\/\/www.lapalomaevent.com\/wp-content\/uploads\/2025\/03\/Web-scaled.jpg&#8221; _builder_version=&#8221;4.24.2&#8243; animation=&#8221;right&#8221; border_radii_image=&#8221;off||||&#8221; use_border_color=&#8221;off&#8221; locked=&#8221;off&#8221; global_colors_info=&#8221;{}&#8221;]<\/p>\n<p style=\"text-align: justify;\">Lagspelare<br \/>Good vibes<br \/>Mallorca fantast<\/p>\n<p style=\"text-align: justify;\">[\/et_pb_team_member][\/et_pb_column][\/et_pb_row][\/et_pb_section]<\/p>\n","protected":false},"excerpt":{"rendered":"<p>The Team V\u00e5r internationella personal best\u00e5r av erfarna specialister inom turism med stark bakgrund fr\u00e5n resebyr\u00e5er, hotell, flygbolag, coaching och underh\u00e5llningsbranschen. Vi erbjuder v\u00e5ra tj\u00e4nster p\u00e5 engelska, svenska, norska, spanska och tyska. V\u00e5rt team ser till att ditt evenemang genomf\u00f6rs p\u00e5 ett professionellt och minnesv\u00e4rt s\u00e4tt, i linje med dina m\u00e5l och \u00f6nskem\u00e5l. Vi f\u00f6ljer [&hellip;]<\/p>\n","protected":false},"author":2,"featured_media":0,"parent":0,"menu_order":0,"comment_status":"closed","ping_status":"closed","template":"","meta":{"_et_pb_use_builder":"on","_et_pb_old_content":"","_et_gb_content_width":"","om_disable_all_campaigns":false,"_monsterinsights_skip_tracking":false,"_monsterinsights_sitenote_active":false,"_monsterinsights_sitenote_note":"","_monsterinsights_sitenote_category":0,"footnotes":""},"class_list":["post-12972","page","type-page","status-publish","hentry"],"yoast_head":"<!-- This site is optimized with the Yoast SEO plugin v27.4 - https:\/\/yoast.com\/product\/yoast-seo-wordpress\/ -->\n<title>Om Oss - Event p\u00e5 Mallorca - La Paloma Event<\/title>\n<meta name=\"description\" content=\"L\u00e4r k\u00e4nna La Paloma Event. Vi erbjuder anpassad planering och expertis f\u00f6r alla typer av evenemang p\u00e5 Mallorca. Uppt\u00e4ck mer om oss!\" \/>\n<meta name=\"robots\" content=\"index, follow, max-snippet:-1, max-image-preview:large, max-video-preview:-1\" \/>\n<link rel=\"canonical\" href=\"https:\/\/www.lapalomaevent.com\/sv\/om-oss\/\" \/>\n<meta property=\"og:locale\" content=\"sv_SE\" \/>\n<meta property=\"og:type\" content=\"article\" \/>\n<meta property=\"og:title\" content=\"Om Oss - Event p\u00e5 Mallorca - La Paloma Event\" \/>\n<meta property=\"og:description\" content=\"L\u00e4r k\u00e4nna La Paloma Event. Vi erbjuder anpassad planering och expertis f\u00f6r alla typer av evenemang p\u00e5 Mallorca. Uppt\u00e4ck mer om oss!\" \/>\n<meta property=\"og:url\" content=\"https:\/\/www.lapalomaevent.com\/sv\/om-oss\/\" \/>\n<meta property=\"og:site_name\" content=\"La Paloma Event\" \/>\n<meta property=\"article:modified_time\" content=\"2025-07-01T15:06:28+00:00\" \/>\n<meta name=\"twitter:card\" content=\"summary_large_image\" \/>\n<meta name=\"twitter:label1\" content=\"Ber\u00e4knad l\u00e4stid\" \/>\n\t<meta name=\"twitter:data1\" content=\"3 minuter\" \/>\n<script type=\"application\/ld+json\" class=\"yoast-schema-graph\">{\"@context\":\"https:\\\/\\\/schema.org\",\"@graph\":[{\"@type\":\"WebPage\",\"@id\":\"https:\\\/\\\/www.lapalomaevent.com\\\/sv\\\/om-oss\\\/\",\"url\":\"https:\\\/\\\/www.lapalomaevent.com\\\/sv\\\/om-oss\\\/\",\"name\":\"Om Oss - Event p\u00e5 Mallorca - La Paloma Event\",\"isPartOf\":{\"@id\":\"https:\\\/\\\/www.lapalomaevent.com\\\/sv\\\/#website\"},\"datePublished\":\"2024-10-14T06:55:42+00:00\",\"dateModified\":\"2025-07-01T15:06:28+00:00\",\"description\":\"L\u00e4r k\u00e4nna La Paloma Event. Vi erbjuder anpassad planering och expertis f\u00f6r alla typer av evenemang p\u00e5 Mallorca. Uppt\u00e4ck mer om oss!\",\"breadcrumb\":{\"@id\":\"https:\\\/\\\/www.lapalomaevent.com\\\/sv\\\/om-oss\\\/#breadcrumb\"},\"inLanguage\":\"sv-SE\",\"potentialAction\":[{\"@type\":\"ReadAction\",\"target\":[\"https:\\\/\\\/www.lapalomaevent.com\\\/sv\\\/om-oss\\\/\"]}]},{\"@type\":\"BreadcrumbList\",\"@id\":\"https:\\\/\\\/www.lapalomaevent.com\\\/sv\\\/om-oss\\\/#breadcrumb\",\"itemListElement\":[{\"@type\":\"ListItem\",\"position\":1,\"name\":\"Hem\",\"item\":\"https:\\\/\\\/www.lapalomaevent.com\\\/sv\\\/\"},{\"@type\":\"ListItem\",\"position\":2,\"name\":\"OM OSS\"}]},{\"@type\":\"WebSite\",\"@id\":\"https:\\\/\\\/www.lapalomaevent.com\\\/sv\\\/#website\",\"url\":\"https:\\\/\\\/www.lapalomaevent.com\\\/sv\\\/\",\"name\":\"La Paloma Event\",\"description\":\"We believe that you are unique!\",\"potentialAction\":[{\"@type\":\"SearchAction\",\"target\":{\"@type\":\"EntryPoint\",\"urlTemplate\":\"https:\\\/\\\/www.lapalomaevent.com\\\/sv\\\/?s={search_term_string}\"},\"query-input\":{\"@type\":\"PropertyValueSpecification\",\"valueRequired\":true,\"valueName\":\"search_term_string\"}}],\"inLanguage\":\"sv-SE\"}]}<\/script>\n<!-- \/ Yoast SEO plugin. -->","yoast_head_json":{"title":"Om Oss - Event p\u00e5 Mallorca - La Paloma Event","description":"L\u00e4r k\u00e4nna La Paloma Event. Vi erbjuder anpassad planering och expertis f\u00f6r alla typer av evenemang p\u00e5 Mallorca. Uppt\u00e4ck mer om oss!","robots":{"index":"index","follow":"follow","max-snippet":"max-snippet:-1","max-image-preview":"max-image-preview:large","max-video-preview":"max-video-preview:-1"},"canonical":"https:\/\/www.lapalomaevent.com\/sv\/om-oss\/","og_locale":"sv_SE","og_type":"article","og_title":"Om Oss - Event p\u00e5 Mallorca - La Paloma Event","og_description":"L\u00e4r k\u00e4nna La Paloma Event. Vi erbjuder anpassad planering och expertis f\u00f6r alla typer av evenemang p\u00e5 Mallorca. Uppt\u00e4ck mer om oss!","og_url":"https:\/\/www.lapalomaevent.com\/sv\/om-oss\/","og_site_name":"La Paloma Event","article_modified_time":"2025-07-01T15:06:28+00:00","twitter_card":"summary_large_image","twitter_misc":{"Ber\u00e4knad l\u00e4stid":"3 minuter"},"schema":{"@context":"https:\/\/schema.org","@graph":[{"@type":"WebPage","@id":"https:\/\/www.lapalomaevent.com\/sv\/om-oss\/","url":"https:\/\/www.lapalomaevent.com\/sv\/om-oss\/","name":"Om Oss - Event p\u00e5 Mallorca - La Paloma Event","isPartOf":{"@id":"https:\/\/www.lapalomaevent.com\/sv\/#website"},"datePublished":"2024-10-14T06:55:42+00:00","dateModified":"2025-07-01T15:06:28+00:00","description":"L\u00e4r k\u00e4nna La Paloma Event. Vi erbjuder anpassad planering och expertis f\u00f6r alla typer av evenemang p\u00e5 Mallorca. Uppt\u00e4ck mer om oss!","breadcrumb":{"@id":"https:\/\/www.lapalomaevent.com\/sv\/om-oss\/#breadcrumb"},"inLanguage":"sv-SE","potentialAction":[{"@type":"ReadAction","target":["https:\/\/www.lapalomaevent.com\/sv\/om-oss\/"]}]},{"@type":"BreadcrumbList","@id":"https:\/\/www.lapalomaevent.com\/sv\/om-oss\/#breadcrumb","itemListElement":[{"@type":"ListItem","position":1,"name":"Hem","item":"https:\/\/www.lapalomaevent.com\/sv\/"},{"@type":"ListItem","position":2,"name":"OM OSS"}]},{"@type":"WebSite","@id":"https:\/\/www.lapalomaevent.com\/sv\/#website","url":"https:\/\/www.lapalomaevent.com\/sv\/","name":"La Paloma Event","description":"We believe that you are unique!","potentialAction":[{"@type":"SearchAction","target":{"@type":"EntryPoint","urlTemplate":"https:\/\/www.lapalomaevent.com\/sv\/?s={search_term_string}"},"query-input":{"@type":"PropertyValueSpecification","valueRequired":true,"valueName":"search_term_string"}}],"inLanguage":"sv-SE"}]}},"_links":{"self":[{"href":"https:\/\/www.lapalomaevent.com\/sv\/wp-json\/wp\/v2\/pages\/12972","targetHints":{"allow":["GET"]}}],"collection":[{"href":"https:\/\/www.lapalomaevent.com\/sv\/wp-json\/wp\/v2\/pages"}],"about":[{"href":"https:\/\/www.lapalomaevent.com\/sv\/wp-json\/wp\/v2\/types\/page"}],"author":[{"embeddable":true,"href":"https:\/\/www.lapalomaevent.com\/sv\/wp-json\/wp\/v2\/users\/2"}],"replies":[{"embeddable":true,"href":"https:\/\/www.lapalomaevent.com\/sv\/wp-json\/wp\/v2\/comments?post=12972"}],"version-history":[{"count":15,"href":"https:\/\/www.lapalomaevent.com\/sv\/wp-json\/wp\/v2\/pages\/12972\/revisions"}],"predecessor-version":[{"id":13589,"href":"https:\/\/www.lapalomaevent.com\/sv\/wp-json\/wp\/v2\/pages\/12972\/revisions\/13589"}],"wp:attachment":[{"href":"https:\/\/www.lapalomaevent.com\/sv\/wp-json\/wp\/v2\/media?parent=12972"}],"curies":[{"name":"wp","href":"https:\/\/api.w.org\/{rel}","templated":true}]}}